{"id":200,"date":"2025-08-14T13:44:37","date_gmt":"2025-08-14T13:44:37","guid":{"rendered":"https:\/\/www.mustafaalkadhimi.net\/page-daccueil\/"},"modified":"2025-10-10T09:15:17","modified_gmt":"2025-10-10T09:15:17","slug":"page-daccueil","status":"publish","type":"page","link":"https:\/\/www.mustafaalkadhimi.net\/fr\/","title":{"rendered":"Page d&rsquo;accueil"},"content":{"rendered":"<p>[et_pb_section fb_built=\u00a0\u00bb1&Prime; custom_padding_last_edited=\u00a0\u00bbon|desktop\u00a0\u00bb _builder_version=\u00a0\u00bb4.27.4&Prime; _module_preset=\u00a0\u00bbdefault\u00a0\u00bb background_image=\u00a0\u00bbhttps:\/\/www.mustafaalkadhimi.net\/wp-content\/uploads\/2025\/08\/Mustafa-Al-Kadhimi-Hero-Image-scaled.jpg\u00a0\u00bb custom_padding=\u00a0\u00bb300px||300px||true|false\u00a0\u00bb custom_padding_tablet=\u00a0\u00bb300px||300px||true|false\u00a0\u00bb custom_padding_phone=\u00a0\u00bb200px||200px||true|false\u00a0\u00bb global_colors_info=\u00a0\u00bb{}\u00a0\u00bb][et_pb_row column_structure=\u00a0\u00bb1_2,1_2&Prime; _builder_version=\u00a0\u00bb4.27.4&Prime; _module_preset=\u00a0\u00bbdefault\u00a0\u00bb transform_scale_tablet=\u00a0\u00bb\u00a0\u00bb transform_scale_phone=\u00a0\u00bb\u00a0\u00bb transform_scale_last_edited=\u00a0\u00bbon|phone\u00a0\u00bb transform_translate_tablet=\u00a0\u00bb0px|187px\u00a0\u00bb transform_translate_phone=\u00a0\u00bb0px|200px\u00a0\u00bb transform_translate_last_edited=\u00a0\u00bbon|phone\u00a0\u00bb transform_translate_linked=\u00a0\u00bboff\u00a0\u00bb transform_rotate_tablet=\u00a0\u00bb\u00a0\u00bb transform_rotate_phone=\u00a0\u00bb\u00a0\u00bb transform_rotate_last_edited=\u00a0\u00bbon|phone\u00a0\u00bb transform_skew_tablet=\u00a0\u00bb\u00a0\u00bb transform_skew_phone=\u00a0\u00bb\u00a0\u00bb transform_skew_last_edited=\u00a0\u00bbon|phone\u00a0\u00bb transform_origin_tablet=\u00a0\u00bb\u00a0\u00bb transform_origin_phone=\u00a0\u00bb\u00a0\u00bb transform_origin_last_edited=\u00a0\u00bbon|phone\u00a0\u00bb transform_styles_last_edited=\u00a0\u00bbon|phone\u00a0\u00bb width=\u00a0\u00bb100%\u00a0\u00bb width_tablet=\u00a0\u00bb100%\u00a0\u00bb width_phone=\u00a0\u00bb100%\u00a0\u00bb width_last_edited=\u00a0\u00bbon|tablet\u00a0\u00bb max_width=\u00a0\u00bb100%\u00a0\u00bb max_width_tablet=\u00a0\u00bb100%\u00a0\u00bb max_width_phone=\u00a0\u00bb100%\u00a0\u00bb max_width_last_edited=\u00a0\u00bbon|desktop\u00a0\u00bb transform_styles_tablet=\u00a0\u00bb\u00a0\u00bb transform_styles_phone=\u00a0\u00bb\u00a0\u00bb global_colors_info=\u00a0\u00bb{}\u00a0\u00bb][et_pb_column type=\u00a0\u00bb1_2&Prime; _builder_version=\u00a0\u00bb4.27.4&Prime; _module_preset=\u00a0\u00bbdefault\u00a0\u00bb background_color=\u00a0\u00bbrgba(0,0,0,0.5)\u00a0\u00bb custom_padding=\u00a0\u00bb|50px||50px|false|true\u00a0\u00bb custom_padding_tablet=\u00a0\u00bb|50px||50px|false|true\u00a0\u00bb custom_padding_phone=\u00a0\u00bb|10px||10px|false|true\u00a0\u00bb custom_padding_last_edited=\u00a0\u00bbon|phone\u00a0\u00bb global_colors_info=\u00a0\u00bb{}\u00a0\u00bb][et_pb_text _builder_version=\u00a0\u00bb4.27.4&Prime; _module_preset=\u00a0\u00bbdefault\u00a0\u00bb header_text_color=\u00a0\u00bb#FFFFFF\u00a0\u00bb background_enable_color=\u00a0\u00bboff\u00a0\u00bb width=\u00a0\u00bb92%\u00a0\u00bb custom_margin=\u00a0\u00bb||-30px||false|false\u00a0\u00bb custom_padding=\u00a0\u00bb20px|20px|20px|20px|true|true\u00a0\u00bb header_font_size_tablet=\u00a0\u00bb\u00a0\u00bb header_font_size_phone=\u00a0\u00bb20px\u00a0\u00bb header_font_size_last_edited=\u00a0\u00bbon|phone\u00a0\u00bb global_colors_info=\u00a0\u00bb{}\u00a0\u00bb]<\/p>\n<h1 style=\"text-align: center;\">Mustafa Al Kadhimi | Ancien Premier ministre d\u2019Irak et d\u00e9fenseur chevronn\u00e9 des droits de l\u2019homme<\/h1>\n<p>[\/et_pb_text][et_pb_text _builder_version=\u00a0\u00bb4.27.4&Prime; _module_preset=\u00a0\u00bbdefault\u00a0\u00bb text_text_color=\u00a0\u00bb#FFFFFF\u00a0\u00bb background_enable_color=\u00a0\u00bboff\u00a0\u00bb width=\u00a0\u00bb92%\u00a0\u00bb width_tablet=\u00a0\u00bb92%\u00a0\u00bb width_phone=\u00a0\u00bb100%\u00a0\u00bb width_last_edited=\u00a0\u00bbon|phone\u00a0\u00bb custom_margin=\u00a0\u00bb||10px||false|false\u00a0\u00bb custom_padding=\u00a0\u00bb20px|20px|20px|20px|true|true\u00a0\u00bb custom_padding_tablet=\u00a0\u00bb20px|20px|20px|20px|true|true\u00a0\u00bb custom_padding_phone=\u00a0\u00bb20px|0px|20px|0px|true|true\u00a0\u00bb custom_padding_last_edited=\u00a0\u00bbon|phone\u00a0\u00bb global_colors_info=\u00a0\u00bb{}\u00a0\u00bb]<\/p>\n<p style=\"text-align: center;\"><span data-contrast=\"auto\" xml:lang=\"EN-GB\" lang=\"EN-GB\" class=\"TextRun SCXW38170223 BCX0\">Voici le blog de Mustafa Al Kadhimi, ancien Premier ministre irakien et d\u00e9fenseur chevronn\u00e9 des droits de l&rsquo;homme. Ce blog comprendra des articles relatifs \u00e0 la vie politique de Mustafa Al Kazemi ainsi que des informations sur ses diverses activit\u00e9s philanthropiques. <\/span><\/p>\n<p>[\/et_pb_text][et_pb_button button_url=\u00a0\u00bb#leadership\u00a0\u00bb button_text=\u00a0\u00bbLeadership et valeurs\u00a0\u00bb button_alignment=\u00a0\u00bbcenter\u00a0\u00bb _builder_version=\u00a0\u00bb4.27.4&Prime; _module_preset=\u00a0\u00bbdefault\u00a0\u00bb custom_margin=\u00a0\u00bb||20px||false|false\u00a0\u00bb hover_enabled=\u00a0\u00bb0&Prime; global_colors_info=\u00a0\u00bb{}\u00a0\u00bb sticky_enabled=\u00a0\u00bb0&Prime;][\/et_pb_button][\/et_pb_column][et_pb_column type=\u00a0\u00bb1_2&Prime; _builder_version=\u00a0\u00bb4.27.4&Prime; _module_preset=\u00a0\u00bbdefault\u00a0\u00bb global_colors_info=\u00a0\u00bb{}\u00a0\u00bb][\/et_pb_column][\/et_pb_row][\/et_pb_section][et_pb_section fb_built=\u00a0\u00bb1&Prime; _builder_version=\u00a0\u00bb4.27.4&Prime; _module_preset=\u00a0\u00bbdefault\u00a0\u00bb background_enable_color=\u00a0\u00bboff\u00a0\u00bb custom_padding=\u00a0\u00bb100px||100px||true|false\u00a0\u00bb global_colors_info=\u00a0\u00bb{}\u00a0\u00bb][et_pb_row column_structure=\u00a0\u00bb3_5,2_5&Prime; _builder_version=\u00a0\u00bb4.27.4&Prime; _module_preset=\u00a0\u00bbdefault\u00a0\u00bb background_color=\u00a0\u00bb#eceef0&Prime; custom_padding=\u00a0\u00bb|20px||20px|false|true\u00a0\u00bb border_width_left=\u00a0\u00bb10px\u00a0\u00bb border_color_left=\u00a0\u00bb#cd1127&Prime; global_colors_info=\u00a0\u00bb{}\u00a0\u00bb][et_pb_column type=\u00a0\u00bb3_5&Prime; _builder_version=\u00a0\u00bb4.27.4&Prime; _module_preset=\u00a0\u00bbdefault\u00a0\u00bb global_colors_info=\u00a0\u00bb{}\u00a0\u00bb][et_pb_text module_id=\u00a0\u00bbleadership\u00a0\u00bb _builder_version=\u00a0\u00bb4.27.4&Prime; _module_preset=\u00a0\u00bbdefault\u00a0\u00bb header_2_font_size=\u00a0\u00bb36px\u00a0\u00bb global_colors_info=\u00a0\u00bb{}\u00a0\u00bb]<\/p>\n<h2>Leadership et valeurs<\/h2>\n<p>[\/et_pb_text][et_pb_text _builder_version=\u00a0\u00bb4.27.4&Prime; _module_preset=\u00a0\u00bbdefault\u00a0\u00bb global_colors_info=\u00a0\u00bb{}\u00a0\u00bb]Nomm\u00e9 en 2020, M. Al Kadhimi est arriv\u00e9 au pouvoir dans un contexte d&rsquo;incertitude \u00e9conomique importante. Son \u00ab Livre blanc \u00bb a propos\u00e9 des solutions concr\u00e8tes \u00e0 la crise \u00e9conomique irakienne, en d\u00e9finissant plus de 200 mesures visant \u00e0 promouvoir la responsabilit\u00e9 budg\u00e9taire, \u00e0 accro\u00eetre la transparence et \u00e0 r\u00e9duire la corruption dans le pays, tout en luttant contre l&rsquo;influence des factions arm\u00e9es et des milices. Au d\u00e9but de son mandat, M. Al Kadhimi a lib\u00e9r\u00e9 des manifestants pacifiques emprisonn\u00e9s, restructur\u00e9 la direction des forces de s\u00e9curit\u00e9 et poursuivi des r\u00e9formes l\u00e9gislatives de grande envergure.  <\/p>\n<p>Largement reconnu comme un dirigeant int\u00e8gre et r\u00e9silient, Mustafa Al Kadhimi a consacr\u00e9 sa vie au service public. Son opposition pr\u00e9coce au r\u00e9gime de Saddam Hussein l&rsquo;a conduit \u00e0 l&rsquo;exil en 1986, et M. Al Kadhimi a pass\u00e9 plusieurs ann\u00e9es entre l&rsquo;Iran, le Royaume-Uni, la Su\u00e8de et l&rsquo;Allemagne. Cette p\u00e9riode d&rsquo;exil loin de son pays natal lui a inculqu\u00e9 un engagement ind\u00e9fectible en faveur de la justice, de la d\u00e9mocratie et des droits de l&rsquo;homme.  [\/et_pb_text][et_pb_button button_url=\u00a0\u00bb#education\u00a0\u00bb button_text=\u00a0\u00bb\u00c9ducation et carri\u00e8re\u00a0\u00bb _builder_version=\u00a0\u00bb4.27.4&Prime; _module_preset=\u00a0\u00bbdefault\u00a0\u00bb hover_enabled=\u00a0\u00bb0&Prime; global_colors_info=\u00a0\u00bb{}\u00a0\u00bb sticky_enabled=\u00a0\u00bb0&Prime;][\/et_pb_button][\/et_pb_column][et_pb_column type=\u00a0\u00bb2_5&Prime; _builder_version=\u00a0\u00bb4.27.4&Prime; _module_preset=\u00a0\u00bbdefault\u00a0\u00bb global_colors_info=\u00a0\u00bb{}\u00a0\u00bb][et_pb_image src=\u00a0\u00bbhttps:\/\/www.mustafaalkadhimi.net\/wp-content\/uploads\/2025\/08\/Mustafa-Al-Kadhimi.jpg\u00a0\u00bb alt=\u00a0\u00bbMustafa Al Kadhimi\u00a0\u00bb title_text=\u00a0\u00bbMustafa-Al-Kadhimi\u00a0\u00bb align=\u00a0\u00bbcenter\u00a0\u00bb _builder_version=\u00a0\u00bb4.27.4&Prime; _module_preset=\u00a0\u00bbdefault\u00a0\u00bb width=\u00a0\u00bb80%\u00a0\u00bb global_colors_info=\u00a0\u00bb{}\u00a0\u00bb][\/et_pb_image][\/et_pb_column][\/et_pb_row][et_pb_row _builder_version=\u00a0\u00bb4.27.4&Prime; _module_preset=\u00a0\u00bbdefault\u00a0\u00bb global_colors_info=\u00a0\u00bb{}\u00a0\u00bb][et_pb_column type=\u00a0\u00bb4_4&Prime; _builder_version=\u00a0\u00bb4.27.4&Prime; _module_preset=\u00a0\u00bbdefault\u00a0\u00bb global_colors_info=\u00a0\u00bb{}\u00a0\u00bb][et_pb_image src=\u00a0\u00bbhttps:\/\/www.mustafaalkadhimi.net\/wp-content\/uploads\/2025\/08\/Mustafa-Al-Kadhimi-Skyline.jpg\u00a0\u00bb alt=\u00a0\u00bbMosqu\u00e9e Putra Mustafa Al Kadhimi\u00a0\u00bb show_bottom_space=\u00a0\u00bboff\u00a0\u00bb _builder_version=\u00a0\u00bb4.27.4&Prime; _module_preset=\u00a0\u00bbdefault\u00a0\u00bb global_colors_info=\u00a0\u00bb{}\u00a0\u00bb transform_styles__hover_enabled=\u00a0\u00bbon|hover\u00a0\u00bb transform_scale__hover=\u00a0\u00bb101%|101%\u00a0\u00bb transform_scale__hover_enabled=\u00a0\u00bbon|hover\u00a0\u00bb transform_translate__hover_enabled=\u00a0\u00bbon|desktop\u00a0\u00bb transform_rotate__hover_enabled=\u00a0\u00bbon|desktop\u00a0\u00bb transform_skew__hover_enabled=\u00a0\u00bbon|desktop\u00a0\u00bb transform_origin__hover_enabled=\u00a0\u00bbon|desktop\u00a0\u00bb filter_brightness__hover=\u00a0\u00bb110%\u00a0\u00bb filter_brightness__hover_enabled=\u00a0\u00bbon|hover\u00a0\u00bb][\/et_pb_image][\/et_pb_column][\/et_pb_row][et_pb_row _builder_version=\u00a0\u00bb4.27.4&Prime; _module_preset=\u00a0\u00bbdefault\u00a0\u00bb background_color=\u00a0\u00bb#eceef0&Prime; custom_padding=\u00a0\u00bb|20px||20px|false|true\u00a0\u00bb border_width_left=\u00a0\u00bb10px\u00a0\u00bb border_color_left=\u00a0\u00bb#008644&Prime; global_colors_info=\u00a0\u00bb{}\u00a0\u00bb][et_pb_column type=\u00a0\u00bb4_4&Prime; _builder_version=\u00a0\u00bb4.27.4&Prime; _module_preset=\u00a0\u00bbdefault\u00a0\u00bb global_colors_info=\u00a0\u00bb{}\u00a0\u00bb][et_pb_text module_id=\u00a0\u00bbeducation\u00a0\u00bb _builder_version=\u00a0\u00bb4.27.4&Prime; _module_preset=\u00a0\u00bbdefault\u00a0\u00bb header_2_font_size=\u00a0\u00bb36px\u00a0\u00bb global_colors_info=\u00a0\u00bb{}\u00a0\u00bb]<\/p>\n<h2>\u00c9ducation et carri\u00e8re<\/h2>\n<p>[\/et_pb_text][et_pb_text _builder_version=\u00a0\u00bb4.27.4&Prime; _module_preset=\u00a0\u00bbdefault\u00a0\u00bb custom_padding=\u00a0\u00bb5px|||||\u00a0\u00bb global_colors_info=\u00a0\u00bb{}\u00a0\u00bb]<\/p>\n<p>Mustafa Al Kadhimi est dipl\u00f4m\u00e9 du Coll\u00e8ge national du patrimoine de l&rsquo;Universit\u00e9 de technologie de Bagdad, o\u00f9 il a \u00e9tudi\u00e9 l&rsquo;ing\u00e9nierie \u00e9lectronique avant de se r\u00e9orienter vers le droit. Apr\u00e8s son exil, il s&rsquo;est forg\u00e9 une brillante carri\u00e8re en tant qu&rsquo;\u00e9crivain prim\u00e9, documentariste et d\u00e9fenseur des droits de l&rsquo;homme. M. Al Kadhimi a collabor\u00e9 avec des m\u00e9dias internationaux et produit des documentaires pour de grandes cha\u00eenes de t\u00e9l\u00e9vision. Il a \u00e9galement dirig\u00e9 Radio Free Europe en Irak et cofond\u00e9 l&rsquo;Iraq Media Network. <span data-contrast=\"auto\">Al-Kadhimi a ensuite occup\u00e9 le poste de directeur ex\u00e9cutif de l&rsquo;Iraq Memory Foundation, qui documente les crimes et les violations des droits de l&rsquo;homme commis par l&rsquo;ancien r\u00e9gime.<\/span><span data-ccp-props=\"{\"335551550\":6,\"335551620\":6,\"335559739\":240}\"> <\/span><\/p>\n<p><span data-contrast=\"auto\">Reconnu pour avoir am\u00e9lior\u00e9 l&rsquo;efficacit\u00e9 et le professionnalisme dans le domaine de la s\u00e9curit\u00e9 en Irak et renforc\u00e9 l&rsquo;impact de l&rsquo;agence dans la lutte contre l&rsquo;EIIL, Mustafa Al Kadhimi a \u00e9t\u00e9 nomm\u00e9 directeur du Service national de renseignement irakien en juin 2016. \u00c0 ce poste, il a mis en \u0153uvre des plans ambitieux visant \u00e0 moderniser et \u00e0 d\u00e9politiser l&rsquo;agence, en mettant l&rsquo;accent sur des strat\u00e9gies antiterroristes fond\u00e9es sur le renseignement. <\/span><span data-ccp-props=\"{\"335551550\":6,\"335551620\":6,\"335559739\":240}\"> <\/span><\/p>\n<p>[\/et_pb_text][et_pb_button button_url=\u00a0\u00bb#diplomacy\u00a0\u00bb button_text=\u00a0\u00bbDiplomatie r\u00e9gionale\u00a0\u00bb _builder_version=\u00a0\u00bb4.27.4&Prime; _module_preset=\u00a0\u00bbdefault\u00a0\u00bb hover_enabled=\u00a0\u00bb0&Prime; global_colors_info=\u00a0\u00bb{}\u00a0\u00bb sticky_enabled=\u00a0\u00bb0&Prime;][\/et_pb_button][\/et_pb_column][\/et_pb_row][\/et_pb_section][et_pb_section fb_built=\u00a0\u00bb1&Prime; _builder_version=\u00a0\u00bb4.27.4&Prime; _module_preset=\u00a0\u00bbdefault\u00a0\u00bb custom_padding=\u00a0\u00bb0px|0px|0px|0px|false|false\u00a0\u00bb global_colors_info=\u00a0\u00bb{}\u00a0\u00bb][et_pb_row column_structure=\u00a0\u00bb1_3,1_3,1_3&Prime; use_custom_gutter=\u00a0\u00bbon\u00a0\u00bb gutter_width=\u00a0\u00bb1&Prime; make_equal=\u00a0\u00bbon\u00a0\u00bb _builder_version=\u00a0\u00bb4.27.4&Prime; _module_preset=\u00a0\u00bbdefault\u00a0\u00bb width=\u00a0\u00bb100%\u00a0\u00bb max_width=\u00a0\u00bb100%\u00a0\u00bb global_colors_info=\u00a0\u00bb{}\u00a0\u00bb][et_pb_column type=\u00a0\u00bb1_3&Prime; _builder_version=\u00a0\u00bb4.27.4&Prime; _module_preset=\u00a0\u00bbdefault\u00a0\u00bb global_colors_info=\u00a0\u00bb{}\u00a0\u00bb][et_pb_image src=\u00a0\u00bbhttps:\/\/www.mustafaalkadhimi.net\/wp-content\/uploads\/2025\/08\/Mustafa-Al-Kadhimi-University-Iraq.jpg\u00a0\u00bb alt=\u00a0\u00bbMustafa Al Kadhimi\u00a0\u00bb title_text=\u00a0\u00bbEducation,Learning,Concept.,Book,In,Library,With,Old,Open,Textbook,\u00a0\u00bb show_bottom_space=\u00a0\u00bboff\u00a0\u00bb _builder_version=\u00a0\u00bb4.27.4&Prime; _module_preset=\u00a0\u00bbdefault\u00a0\u00bb global_colors_info=\u00a0\u00bb{}\u00a0\u00bb transform_styles__hover_enabled=\u00a0\u00bbon|hover\u00a0\u00bb transform_scale__hover_enabled=\u00a0\u00bbon|hover\u00a0\u00bb transform_translate__hover_enabled=\u00a0\u00bbon|desktop\u00a0\u00bb transform_rotate__hover_enabled=\u00a0\u00bbon|desktop\u00a0\u00bb transform_skew__hover_enabled=\u00a0\u00bbon|desktop\u00a0\u00bb transform_origin__hover_enabled=\u00a0\u00bbon|desktop\u00a0\u00bb transform_scale__hover=\u00a0\u00bb101%|101%\u00a0\u00bb filter_brightness__hover_enabled=\u00a0\u00bbon|hover\u00a0\u00bb filter_brightness__hover=\u00a0\u00bb110%\u00a0\u00bb][\/et_pb_image][\/et_pb_column][et_pb_column type=\u00a0\u00bb1_3&Prime; _builder_version=\u00a0\u00bb4.27.4&Prime; _module_preset=\u00a0\u00bbdefault\u00a0\u00bb global_colors_info=\u00a0\u00bb{}\u00a0\u00bb][et_pb_image src=\u00a0\u00bbhttps:\/\/www.mustafaalkadhimi.net\/wp-content\/uploads\/2025\/08\/Mustafa-Al-Kadhimi-Iraq-Flag-Waving.jpg\u00a0\u00bb title_text=\u00a0\u00bbWavy,Close-up,Fabric,Iraq,Flag\u00a0\u00bb show_bottom_space=\u00a0\u00bboff\u00a0\u00bb _builder_version=\u00a0\u00bb4.27.4&Prime; _module_preset=\u00a0\u00bbdefault\u00a0\u00bb global_colors_info=\u00a0\u00bb{}\u00a0\u00bb transform_styles__hover_enabled=\u00a0\u00bbon|hover\u00a0\u00bb transform_scale__hover=\u00a0\u00bb101%|101%\u00a0\u00bb transform_scale__hover_enabled=\u00a0\u00bbon|hover\u00a0\u00bb transform_translate__hover_enabled=\u00a0\u00bbon|desktop\u00a0\u00bb transform_rotate__hover_enabled=\u00a0\u00bbon|desktop\u00a0\u00bb transform_skew__hover_enabled=\u00a0\u00bbon|desktop\u00a0\u00bb transform_origin__hover_enabled=\u00a0\u00bbon|desktop\u00a0\u00bb filter_brightness__hover=\u00a0\u00bb110%\u00a0\u00bb filter_brightness__hover_enabled=\u00a0\u00bbon|hover\u00a0\u00bb][\/et_pb_image][\/et_pb_column][et_pb_column type=\u00a0\u00bb1_3&Prime; _builder_version=\u00a0\u00bb4.27.4&Prime; _module_preset=\u00a0\u00bbdefault\u00a0\u00bb global_colors_info=\u00a0\u00bb{}\u00a0\u00bb][et_pb_image src=\u00a0\u00bbhttps:\/\/www.mustafaalkadhimi.net\/wp-content\/uploads\/2025\/08\/Mustafa-Al-Kadhimi-Iraq-Intelligence-Service.jpg\u00a0\u00bb title_text=\u00a0\u00bbMilitary,Operations,Command,Center,Used,In,Following,National,Threats,On\u00a0\u00bb show_bottom_space=\u00a0\u00bboff\u00a0\u00bb _builder_version=\u00a0\u00bb4.27.4&Prime; _module_preset=\u00a0\u00bbdefault\u00a0\u00bb global_colors_info=\u00a0\u00bb{}\u00a0\u00bb transform_styles__hover_enabled=\u00a0\u00bbon|hover\u00a0\u00bb transform_scale__hover=\u00a0\u00bb101%|101%\u00a0\u00bb transform_scale__hover_enabled=\u00a0\u00bbon|hover\u00a0\u00bb transform_translate__hover_enabled=\u00a0\u00bbon|desktop\u00a0\u00bb transform_rotate__hover_enabled=\u00a0\u00bbon|desktop\u00a0\u00bb transform_skew__hover_enabled=\u00a0\u00bbon|desktop\u00a0\u00bb transform_origin__hover_enabled=\u00a0\u00bbon|desktop\u00a0\u00bb filter_brightness__hover=\u00a0\u00bb110%\u00a0\u00bb filter_brightness__hover_enabled=\u00a0\u00bbon|hover\u00a0\u00bb][\/et_pb_image][\/et_pb_column][\/et_pb_row][\/et_pb_section][et_pb_section fb_built=\u00a0\u00bb1&Prime; _builder_version=\u00a0\u00bb4.27.4&Prime; _module_preset=\u00a0\u00bbdefault\u00a0\u00bb background_enable_color=\u00a0\u00bboff\u00a0\u00bb custom_padding=\u00a0\u00bb100px||100px||true|false\u00a0\u00bb global_colors_info=\u00a0\u00bb{}\u00a0\u00bb][et_pb_row column_structure=\u00a0\u00bb3_5,2_5&Prime; _builder_version=\u00a0\u00bb4.27.4&Prime; _module_preset=\u00a0\u00bbdefault\u00a0\u00bb background_color=\u00a0\u00bb#eceef0&Prime; custom_padding=\u00a0\u00bb|20px||20px|false|true\u00a0\u00bb border_width_left=\u00a0\u00bb10px\u00a0\u00bb border_color_left=\u00a0\u00bb#cd1127&Prime; global_colors_info=\u00a0\u00bb{}\u00a0\u00bb][et_pb_column type=\u00a0\u00bb3_5&Prime; _builder_version=\u00a0\u00bb4.27.4&Prime; _module_preset=\u00a0\u00bbdefault\u00a0\u00bb global_colors_info=\u00a0\u00bb{}\u00a0\u00bb][et_pb_text module_id=\u00a0\u00bbdiplomacy\u00a0\u00bb _builder_version=\u00a0\u00bb4.27.4&Prime; _module_preset=\u00a0\u00bbdefault\u00a0\u00bb header_2_font_size=\u00a0\u00bb36px\u00a0\u00bb global_colors_info=\u00a0\u00bb{}\u00a0\u00bb]<\/p>\n<h2>Diplomatie r\u00e9gionale<\/h2>\n<p>[\/et_pb_text][et_pb_text _builder_version=\u00a0\u00bb4.27.4&Prime; _module_preset=\u00a0\u00bbdefault\u00a0\u00bb global_colors_info=\u00a0\u00bb{}\u00a0\u00bb]<\/p>\n<p>Les relations diplomatiques profond\u00e9ment enracin\u00e9es de Mustafa Al Kadhimi avec d&rsquo;autres d\u00e9cideurs politiques \u00e0 travers le monde arabe l&rsquo;ont parfaitement positionn\u00e9 pour mener divers partenariats entre pays voisins, notamment la Conf\u00e9rence pour la coop\u00e9ration et le partenariat et le Sommet de Djeddah. En juin 2022, Mustafa Al Kadhimi a jou\u00e9 un r\u00f4le central dans les n\u00e9gociations visant \u00e0 renforcer la s\u00e9curit\u00e9 et la stabilit\u00e9 dans la r\u00e9gion, ouvrant la voie \u00e0 la reprise du dialogue entre l&rsquo;Iran et l&rsquo;Arabie saoudite et apaisant les tensions entre les deux pays. En effet, les experts affirment que ce discours n&rsquo;aurait pas pu \u00eatre tenu sans la contribution de Mustafa Al Kadhimi, une r\u00e9ussite reconnue par le gouvernement fran\u00e7ais qui lui a d\u00e9cern\u00e9 la L\u00e9gion d&rsquo;honneur, la plus haute et la plus prestigieuse distinction nationale du pays.  <\/p>\n<p>[\/et_pb_text][et_pb_button button_text=\u00a0\u00bb\u00c0 propos de Mustafa Al Kadhimi\u00a0\u00bb _builder_version=\u00a0\u00bb4.27.4&Prime; _module_preset=\u00a0\u00bbdefault\u00a0\u00bb hover_enabled=\u00a0\u00bb0&Prime; global_colors_info=\u00a0\u00bb{}\u00a0\u00bb sticky_enabled=\u00a0\u00bb0&Prime;][\/et_pb_button][\/et_pb_column][et_pb_column type=\u00a0\u00bb2_5&Prime; _builder_version=\u00a0\u00bb4.27.4&Prime; _module_preset=\u00a0\u00bbdefault\u00a0\u00bb global_colors_info=\u00a0\u00bb{}\u00a0\u00bb][et_pb_image src=\u00a0\u00bbhttps:\/\/www.mustafaalkadhimi.net\/wp-content\/uploads\/2025\/08\/Mustafa-Al-Kadhimi-Middle-East.jpg\u00a0\u00bb alt=\u00a0\u00bbMustafa Al Kadhimi Middle East\u00a0\u00bb _builder_version=\u00a0\u00bb4.27.4&Prime; _module_preset=\u00a0\u00bbdefault\u00a0\u00bb global_colors_info=\u00a0\u00bb{}\u00a0\u00bb][\/et_pb_image][\/et_pb_column][\/et_pb_row][\/et_pb_section][et_pb_section fb_built=\u00a0\u00bb1&Prime; _builder_version=\u00a0\u00bb4.27.4&Prime; _module_preset=\u00a0\u00bbdefault\u00a0\u00bb background_enable_color=\u00a0\u00bboff\u00a0\u00bb custom_padding=\u00a0\u00bb100px||100px||true|false\u00a0\u00bb global_colors_info=\u00a0\u00bb{}\u00a0\u00bb][et_pb_row _builder_version=\u00a0\u00bb4.27.4&Prime; _module_preset=\u00a0\u00bbdefault\u00a0\u00bb global_colors_info=\u00a0\u00bb{}\u00a0\u00bb][et_pb_column type=\u00a0\u00bb4_4&Prime; _builder_version=\u00a0\u00bb4.27.4&Prime; _module_preset=\u00a0\u00bbdefault\u00a0\u00bb global_colors_info=\u00a0\u00bb{}\u00a0\u00bb][et_pb_text _builder_version=\u00a0\u00bb4.27.4&Prime; _module_preset=\u00a0\u00bbdefault\u00a0\u00bb header_3_font_size=\u00a0\u00bb32px\u00a0\u00bb global_colors_info=\u00a0\u00bb{}\u00a0\u00bb]<\/p>\n<h3 style=\"text-align: center;\">Derniers articles<\/h3>\n<p>[\/et_pb_text][et_pb_text _builder_version=\u00a0\u00bb4.27.4&Prime; _module_preset=\u00a0\u00bbdefault\u00a0\u00bb text_orientation=\u00a0\u00bbcenter\u00a0\u00bb global_colors_info=\u00a0\u00bb{}\u00a0\u00bb]<\/p>\n<p>Les derniers articles de Mustafa Al Kadhimi, couvrant des \u00e9tapes majeures dans la gouvernance, la r\u00e9forme \u00e9conomique, le soutien humanitaire et la diplomatie r\u00e9gionale.<\/p>\n<p>[\/et_pb_text][et_pb_blog fullwidth=\u00a0\u00bboff\u00a0\u00bb posts_number=\u00a0\u00bb3&Prime; include_categories=\u00a0\u00bball\u00a0\u00bb show_more=\u00a0\u00bbon\u00a0\u00bb show_author=\u00a0\u00bboff\u00a0\u00bb show_categories=\u00a0\u00bboff\u00a0\u00bb _builder_version=\u00a0\u00bb4.27.4&Prime; _module_preset=\u00a0\u00bbdefault\u00a0\u00bb read_more_font=\u00a0\u00bb|||on|||||\u00a0\u00bb background_enable_color=\u00a0\u00bboff\u00a0\u00bb text_orientation=\u00a0\u00bbleft\u00a0\u00bb box_shadow_style=\u00a0\u00bbpreset3&Prime; box_shadow_spread=\u00a0\u00bb-12px\u00a0\u00bb global_colors_info=\u00a0\u00bb{}\u00a0\u00bb][\/et_pb_blog][et_pb_button button_text=\u00a0\u00bbTous les articles de blog\u00a0\u00bb button_alignment=\u00a0\u00bbcenter\u00a0\u00bb _builder_version=\u00a0\u00bb4.27.4&Prime; _module_preset=\u00a0\u00bbdefault\u00a0\u00bb hover_enabled=\u00a0\u00bb0&Prime; global_colors_info=\u00a0\u00bb{}\u00a0\u00bb sticky_enabled=\u00a0\u00bb0&Prime;][\/et_pb_button][\/et_pb_column][\/et_pb_row][\/et_pb_section]<\/p>\n","protected":false},"excerpt":{"rendered":"<p>Mustafa Al Kadhimi | Ancien Premier ministre d\u2019Irak et d\u00e9fenseur chevronn\u00e9 des droits de l\u2019hommeVoici le blog de Mustafa Al Kadhimi, ancien Premier ministre irakien et d\u00e9fenseur chevronn\u00e9 des droits de l&rsquo;homme. Ce blog comprendra des articles relatifs \u00e0 la vie politique de Mustafa Al Kazemi ainsi que des informations sur ses diverses activit\u00e9s philanthropiques. [&hellip;]<\/p>\n","protected":false},"author":1,"featured_media":0,"parent":0,"menu_order":0,"comment_status":"closed","ping_status":"closed","template":"","meta":{"_et_pb_use_builder":"on","_et_pb_old_content":"","_et_gb_content_width":"","footnotes":""},"class_list":["post-200","page","type-page","status-publish","hentry"],"yoast_head":"<!-- This site is optimized with the Yoast SEO plugin v27.5 - https:\/\/yoast.com\/product\/yoast-seo-wordpress\/ -->\n<title>Mustafa Al Kadhimi | Ancien Premier ministre d\u2019Irak<\/title>\n<meta name=\"description\" content=\"Voici le blog de Mustafa Al Kadhimi, ancien Premier ministre irakien et d\u00e9fenseur chevronn\u00e9 des droits de l&#039;homme. Ce blog comprendra des articles relatifs \u00e0 la vie politique de Mustafa Al Kazemi ainsi que des informations sur ses diverses activit\u00e9s philanthropiques.\" \/>\n<meta name=\"robots\" content=\"index, follow, max-snippet:-1, max-image-preview:large, max-video-preview:-1\" \/>\n<link rel=\"canonical\" href=\"https:\/\/www.mustafaalkadhimi.net\/fr\/\" \/>\n<meta property=\"og:locale\" content=\"fr_FR\" \/>\n<meta property=\"og:type\" content=\"article\" \/>\n<meta property=\"og:title\" content=\"Mustafa Al Kadhimi | Ancien Premier ministre d\u2019Irak\" \/>\n<meta property=\"og:description\" content=\"Voici le blog de Mustafa Al Kadhimi, ancien Premier ministre irakien et d\u00e9fenseur chevronn\u00e9 des droits de l&#039;homme. Ce blog comprendra des articles relatifs \u00e0 la vie politique de Mustafa Al Kazemi ainsi que des informations sur ses diverses activit\u00e9s philanthropiques.\" \/>\n<meta property=\"og:url\" content=\"https:\/\/www.mustafaalkadhimi.net\/fr\/\" \/>\n<meta property=\"og:site_name\" content=\"Mustafa Al Kadhimi\" \/>\n<meta property=\"article:modified_time\" content=\"2025-10-10T09:15:17+00:00\" \/>\n<meta name=\"twitter:card\" content=\"summary_large_image\" \/>\n<meta name=\"twitter:label1\" content=\"Dur\u00e9e de lecture estim\u00e9e\" \/>\n\t<meta name=\"twitter:data1\" content=\"11 minutes\" \/>\n<script type=\"application\/ld+json\" class=\"yoast-schema-graph\">{\"@context\":\"https:\\\/\\\/schema.org\",\"@graph\":[{\"@type\":\"WebPage\",\"@id\":\"https:\\\/\\\/www.mustafaalkadhimi.net\\\/fr\\\/\",\"url\":\"https:\\\/\\\/www.mustafaalkadhimi.net\\\/fr\\\/\",\"name\":\"Mustafa Al Kadhimi | Ancien Premier ministre d\u2019Irak\",\"isPartOf\":{\"@id\":\"https:\\\/\\\/www.mustafaalkadhimi.net\\\/fr\\\/#website\"},\"datePublished\":\"2025-08-14T13:44:37+00:00\",\"dateModified\":\"2025-10-10T09:15:17+00:00\",\"description\":\"Voici le blog de Mustafa Al Kadhimi, ancien Premier ministre irakien et d\u00e9fenseur chevronn\u00e9 des droits de l'homme. Ce blog comprendra des articles relatifs \u00e0 la vie politique de Mustafa Al Kazemi ainsi que des informations sur ses diverses activit\u00e9s philanthropiques.\",\"breadcrumb\":{\"@id\":\"https:\\\/\\\/www.mustafaalkadhimi.net\\\/fr\\\/#breadcrumb\"},\"inLanguage\":\"fr-FR\",\"potentialAction\":[{\"@type\":\"ReadAction\",\"target\":[\"https:\\\/\\\/www.mustafaalkadhimi.net\\\/fr\\\/\"]}]},{\"@type\":\"BreadcrumbList\",\"@id\":\"https:\\\/\\\/www.mustafaalkadhimi.net\\\/fr\\\/#breadcrumb\",\"itemListElement\":[{\"@type\":\"ListItem\",\"position\":1,\"name\":\"Home\",\"item\":\"https:\\\/\\\/www.mustafaalkadhimi.net\\\/fr\\\/\"},{\"@type\":\"ListItem\",\"position\":2,\"name\":\"Page d&rsquo;accueil\"}]},{\"@type\":\"WebSite\",\"@id\":\"https:\\\/\\\/www.mustafaalkadhimi.net\\\/fr\\\/#website\",\"url\":\"https:\\\/\\\/www.mustafaalkadhimi.net\\\/fr\\\/\",\"name\":\"Mustafa Al Kadhimi\",\"description\":\"This is the blog of Mustafa Al Kadhimi\",\"potentialAction\":[{\"@type\":\"SearchAction\",\"target\":{\"@type\":\"EntryPoint\",\"urlTemplate\":\"https:\\\/\\\/www.mustafaalkadhimi.net\\\/fr\\\/?s={search_term_string}\"},\"query-input\":{\"@type\":\"PropertyValueSpecification\",\"valueRequired\":true,\"valueName\":\"search_term_string\"}}],\"inLanguage\":\"fr-FR\"}]}<\/script>\n<!-- \/ Yoast SEO plugin. -->","yoast_head_json":{"title":"Mustafa Al Kadhimi | Ancien Premier ministre d\u2019Irak","description":"Voici le blog de Mustafa Al Kadhimi, ancien Premier ministre irakien et d\u00e9fenseur chevronn\u00e9 des droits de l'homme. Ce blog comprendra des articles relatifs \u00e0 la vie politique de Mustafa Al Kazemi ainsi que des informations sur ses diverses activit\u00e9s philanthropiques.","robots":{"index":"index","follow":"follow","max-snippet":"max-snippet:-1","max-image-preview":"max-image-preview:large","max-video-preview":"max-video-preview:-1"},"canonical":"https:\/\/www.mustafaalkadhimi.net\/fr\/","og_locale":"fr_FR","og_type":"article","og_title":"Mustafa Al Kadhimi | Ancien Premier ministre d\u2019Irak","og_description":"Voici le blog de Mustafa Al Kadhimi, ancien Premier ministre irakien et d\u00e9fenseur chevronn\u00e9 des droits de l'homme. Ce blog comprendra des articles relatifs \u00e0 la vie politique de Mustafa Al Kazemi ainsi que des informations sur ses diverses activit\u00e9s philanthropiques.","og_url":"https:\/\/www.mustafaalkadhimi.net\/fr\/","og_site_name":"Mustafa Al Kadhimi","article_modified_time":"2025-10-10T09:15:17+00:00","twitter_card":"summary_large_image","twitter_misc":{"Dur\u00e9e de lecture estim\u00e9e":"11 minutes"},"schema":{"@context":"https:\/\/schema.org","@graph":[{"@type":"WebPage","@id":"https:\/\/www.mustafaalkadhimi.net\/fr\/","url":"https:\/\/www.mustafaalkadhimi.net\/fr\/","name":"Mustafa Al Kadhimi | Ancien Premier ministre d\u2019Irak","isPartOf":{"@id":"https:\/\/www.mustafaalkadhimi.net\/fr\/#website"},"datePublished":"2025-08-14T13:44:37+00:00","dateModified":"2025-10-10T09:15:17+00:00","description":"Voici le blog de Mustafa Al Kadhimi, ancien Premier ministre irakien et d\u00e9fenseur chevronn\u00e9 des droits de l'homme. Ce blog comprendra des articles relatifs \u00e0 la vie politique de Mustafa Al Kazemi ainsi que des informations sur ses diverses activit\u00e9s philanthropiques.","breadcrumb":{"@id":"https:\/\/www.mustafaalkadhimi.net\/fr\/#breadcrumb"},"inLanguage":"fr-FR","potentialAction":[{"@type":"ReadAction","target":["https:\/\/www.mustafaalkadhimi.net\/fr\/"]}]},{"@type":"BreadcrumbList","@id":"https:\/\/www.mustafaalkadhimi.net\/fr\/#breadcrumb","itemListElement":[{"@type":"ListItem","position":1,"name":"Home","item":"https:\/\/www.mustafaalkadhimi.net\/fr\/"},{"@type":"ListItem","position":2,"name":"Page d&rsquo;accueil"}]},{"@type":"WebSite","@id":"https:\/\/www.mustafaalkadhimi.net\/fr\/#website","url":"https:\/\/www.mustafaalkadhimi.net\/fr\/","name":"Mustafa Al Kadhimi","description":"This is the blog of Mustafa Al Kadhimi","potentialAction":[{"@type":"SearchAction","target":{"@type":"EntryPoint","urlTemplate":"https:\/\/www.mustafaalkadhimi.net\/fr\/?s={search_term_string}"},"query-input":{"@type":"PropertyValueSpecification","valueRequired":true,"valueName":"search_term_string"}}],"inLanguage":"fr-FR"}]}},"_links":{"self":[{"href":"https:\/\/www.mustafaalkadhimi.net\/fr\/wp-json\/wp\/v2\/pages\/200","targetHints":{"allow":["GET"]}}],"collection":[{"href":"https:\/\/www.mustafaalkadhimi.net\/fr\/wp-json\/wp\/v2\/pages"}],"about":[{"href":"https:\/\/www.mustafaalkadhimi.net\/fr\/wp-json\/wp\/v2\/types\/page"}],"author":[{"embeddable":true,"href":"https:\/\/www.mustafaalkadhimi.net\/fr\/wp-json\/wp\/v2\/users\/1"}],"replies":[{"embeddable":true,"href":"https:\/\/www.mustafaalkadhimi.net\/fr\/wp-json\/wp\/v2\/comments?post=200"}],"version-history":[{"count":1,"href":"https:\/\/www.mustafaalkadhimi.net\/fr\/wp-json\/wp\/v2\/pages\/200\/revisions"}],"predecessor-version":[{"id":225,"href":"https:\/\/www.mustafaalkadhimi.net\/fr\/wp-json\/wp\/v2\/pages\/200\/revisions\/225"}],"wp:attachment":[{"href":"https:\/\/www.mustafaalkadhimi.net\/fr\/wp-json\/wp\/v2\/media?parent=200"}],"curies":[{"name":"wp","href":"https:\/\/api.w.org\/{rel}","templated":true}]}}